{"id":667,"date":"2023-05-05T13:08:03","date_gmt":"2023-05-05T13:08:03","guid":{"rendered":"https:\/\/themerange.net\/wp\/conat\/?page_id=667"},"modified":"2024-12-16T16:52:46","modified_gmt":"2024-12-16T16:52:46","slug":"about-us","status":"publish","type":"page","link":"https:\/\/mundijalprijateljstva-ulcinj.me\/sq\/about-us\/","title":{"rendered":"P\u00cbR NE"},"content":{"rendered":"<div data-elementor-type=\"wp-page\" data-elementor-id=\"667\" class=\"elementor elementor-667\">\n\t\t\t\t\t\t<section class=\"elementor-section elementor-top-section elementor-element elementor-element-233432d0 elementor-section-boxed elementor-section-height-default elementor-section-height-default wpr-particle-no wpr-jarallax-no wpr-parallax-no wpr-sticky-section-no\" data-id=\"233432d0\" data-element_type=\"section\">\n\t\t\t\t\t\t<div class=\"elementor-container elementor-column-gap-default\">\n\t\t\t\t\t<div class=\"elementor-column elementor-col-50 elementor-top-column elementor-element elementor-element-315f49d2\" data-id=\"315f49d2\" data-element_type=\"column\">\n\t\t\t<div class=\"elementor-widget-wrap elementor-element-populated\">\n\t\t\t\t\t\t<div class=\"elementor-element elementor-element-7379e561 elementor-widget elementor-widget-heading\" data-id=\"7379e561\" data-element_type=\"widget\" data-widget_type=\"heading.default\">\n\t\t\t\t<div class=\"elementor-widget-container\">\n\t\t\t<h2 class=\"elementor-heading-title elementor-size-default\">RRETH NESH<\/h2>\t\t<\/div>\n\t\t\t\t<\/div>\n\t\t\t\t<div class=\"elementor-element elementor-element-13844323 elementor-widget elementor-widget-heading\" data-id=\"13844323\" data-element_type=\"widget\" data-widget_type=\"heading.default\">\n\t\t\t\t<div class=\"elementor-widget-container\">\n\t\t\t<h2 class=\"elementor-heading-title elementor-size-default\">\"Samo nam je ljubav potrebna\"<\/h2>\t\t<\/div>\n\t\t\t\t<\/div>\n\t\t\t\t<div class=\"elementor-element elementor-element-60220cba elementor-widget elementor-widget-text-editor\" data-id=\"60220cba\" data-element_type=\"widget\" data-widget_type=\"text-editor.default\">\n\t\t\t\t<div class=\"elementor-widget-container\">\n\t\t\t\t\t\t\t<p>\u201cMundiali i Miq\u00ebsis\u00eb Ulqin\u201d \u00ebsht\u00eb nj\u00eb mision sportiv-jete q\u00eb promovon miq\u00ebsin\u00eb dhe dashurin\u00eb p\u00ebrmes sportit. Q\u00ebllimi yn\u00eb \u00ebsht\u00eb t\u00eb mblidhemi qytetar\u00eb dhe ambasador\u00eb sportiv\u00eb nga Ulqini dhe m\u00eb gjer\u00eb, p\u00ebr t\u00eb d\u00ebrguar s\u00eb bashku mesazhe paqeje dhe uniteti.<\/p><p>Qysh nga fillimi, t\u00eb gjitha familjet dhe individ\u00ebt nga Ulqini kan\u00eb ofruar mb\u00ebshtetje t\u00eb jasht\u00ebzakonshme n\u00eb organizimin e k\u00ebtij eventi t\u00eb r\u00ebnd\u00ebsish\u00ebm. Mundiali i par\u00eb u mbajt m\u00eb 11 n\u00ebntor 2022, n\u00ebn sloganin \u201cLoj\u00ebn ulqinake e Ivanit,\u201d me rastin e premier\u00ebs Malazeze t\u00eb filmit dokumentar dhe promovimin e librit p\u00ebr legjend\u00ebn hajdukut Ivan Gudelj.<\/p><p>\u00a0<\/p>\t\t\t\t\t\t<\/div>\n\t\t\t\t<\/div>\n\t\t\t\t<section class=\"elementor-section elementor-inner-section elementor-element elementor-element-79ba9587 elementor-section-boxed elementor-section-height-default elementor-section-height-default wpr-particle-no wpr-jarallax-no wpr-parallax-no wpr-sticky-section-no\" data-id=\"79ba9587\" data-element_type=\"section\">\n\t\t\t\t\t\t<div class=\"elementor-container elementor-column-gap-default\">\n\t\t\t\t\t<div class=\"elementor-column elementor-col-50 elementor-inner-column elementor-element elementor-element-61f00a35\" data-id=\"61f00a35\" data-element_type=\"column\">\n\t\t\t<div class=\"elementor-widget-wrap elementor-element-populated\">\n\t\t\t\t\t\t<div class=\"elementor-element elementor-element-6b8a1bbf elementor-widget elementor-widget-image\" data-id=\"6b8a1bbf\" data-element_type=\"widget\" data-widget_type=\"image.default\">\n\t\t\t\t<div class=\"elementor-widget-container\">\n\t\t\t\t\t\t\t\t\t\t\t\t\t<img fetchpriority=\"high\" decoding=\"async\" width=\"819\" height=\"900\" src=\"https:\/\/mundijalprijateljstva-ulcinj.me\/wp-content\/uploads\/2024\/12\/Untitled-design-41.jpg\" class=\"attachment-full size-full wp-image-1891\" alt=\"\" srcset=\"https:\/\/mundijalprijateljstva-ulcinj.me\/wp-content\/uploads\/2024\/12\/Untitled-design-41.jpg 819w, https:\/\/mundijalprijateljstva-ulcinj.me\/wp-content\/uploads\/2024\/12\/Untitled-design-41-273x300.jpg 273w, https:\/\/mundijalprijateljstva-ulcinj.me\/wp-content\/uploads\/2024\/12\/Untitled-design-41-768x844.jpg 768w, https:\/\/mundijalprijateljstva-ulcinj.me\/wp-content\/uploads\/2024\/12\/Untitled-design-41-11x12.jpg 11w\" sizes=\"(max-width: 819px) 100vw, 819px\" \/>\t\t\t\t\t\t\t\t\t\t\t\t\t<\/div>\n\t\t\t\t<\/div>\n\t\t\t\t\t<\/div>\n\t\t<\/div>\n\t\t\t\t<div class=\"elementor-column elementor-col-50 elementor-inner-column elementor-element elementor-element-7d76ce32\" data-id=\"7d76ce32\" data-element_type=\"column\">\n\t\t\t<div class=\"elementor-widget-wrap elementor-element-populated\">\n\t\t\t\t\t\t<div class=\"elementor-element elementor-element-7dcfc42a elementor-widget__width-initial elementor-widget elementor-widget-image\" data-id=\"7dcfc42a\" data-element_type=\"widget\" data-widget_type=\"image.default\">\n\t\t\t\t<div class=\"elementor-widget-container\">\n\t\t\t\t\t\t\t\t\t\t\t\t\t<img decoding=\"async\" width=\"525\" height=\"89\" src=\"https:\/\/mundijalprijateljstva-ulcinj.me\/wp-content\/uploads\/2024\/12\/Sannah-Mathews.png\" class=\"attachment-large size-large wp-image-2256\" alt=\"\" srcset=\"https:\/\/mundijalprijateljstva-ulcinj.me\/wp-content\/uploads\/2024\/12\/Sannah-Mathews.png 758w, https:\/\/mundijalprijateljstva-ulcinj.me\/wp-content\/uploads\/2024\/12\/Sannah-Mathews-300x51.png 300w, https:\/\/mundijalprijateljstva-ulcinj.me\/wp-content\/uploads\/2024\/12\/Sannah-Mathews-18x3.png 18w\" sizes=\"(max-width: 525px) 100vw, 525px\" \/>\t\t\t\t\t\t\t\t\t\t\t\t\t<\/div>\n\t\t\t\t<\/div>\n\t\t\t\t\t<\/div>\n\t\t<\/div>\n\t\t\t\t\t<\/div>\n\t\t<\/section>\n\t\t\t\t\t<\/div>\n\t\t<\/div>\n\t\t\t\t<div class=\"elementor-column elementor-col-50 elementor-top-column elementor-element elementor-element-4d2c888c elementor-hidden-tablet elementor-hidden-mobile\" data-id=\"4d2c888c\" data-element_type=\"column\">\n\t\t\t<div class=\"elementor-widget-wrap elementor-element-populated\">\n\t\t\t\t\t\t<div class=\"elementor-element elementor-element-3ca91087 elementor-widget elementor-widget-image\" data-id=\"3ca91087\" data-element_type=\"widget\" data-widget_type=\"image.default\">\n\t\t\t\t<div class=\"elementor-widget-container\">\n\t\t\t\t\t\t\t\t\t\t\t\t\t<img decoding=\"async\" width=\"525\" height=\"438\" src=\"https:\/\/mundijalprijateljstva-ulcinj.me\/wp-content\/uploads\/2024\/12\/image00262-1024x855.jpeg\" class=\"attachment-large size-large wp-image-2261\" alt=\"\" srcset=\"https:\/\/mundijalprijateljstva-ulcinj.me\/wp-content\/uploads\/2024\/12\/image00262-1024x855.jpeg 1024w, https:\/\/mundijalprijateljstva-ulcinj.me\/wp-content\/uploads\/2024\/12\/image00262-300x250.jpeg 300w, https:\/\/mundijalprijateljstva-ulcinj.me\/wp-content\/uploads\/2024\/12\/image00262-768x641.jpeg 768w, https:\/\/mundijalprijateljstva-ulcinj.me\/wp-content\/uploads\/2024\/12\/image00262-14x12.jpeg 14w, https:\/\/mundijalprijateljstva-ulcinj.me\/wp-content\/uploads\/2024\/12\/image00262.jpeg 1277w\" sizes=\"(max-width: 525px) 100vw, 525px\" \/>\t\t\t\t\t\t\t\t\t\t\t\t\t<\/div>\n\t\t\t\t<\/div>\n\t\t\t\t\t<\/div>\n\t\t<\/div>\n\t\t\t\t\t<\/div>\n\t\t<\/section>\n\t\t<div class=\"elementor-element elementor-element-457580c e-flex e-con-boxed wpr-particle-no wpr-jarallax-no wpr-parallax-no wpr-sticky-section-no e-con e-parent\" data-id=\"457580c\" data-element_type=\"container\">\n\t\t\t\t\t<div class=\"e-con-inner\">\n\t\t\t\t<div class=\"elementor-element elementor-element-b3b4c00 elementor-widget elementor-widget-spacer\" data-id=\"b3b4c00\" data-element_type=\"widget\" data-widget_type=\"spacer.default\">\n\t\t\t\t<div class=\"elementor-widget-container\">\n\t\t\t\t\t<div class=\"elementor-spacer\">\n\t\t\t<div class=\"elementor-spacer-inner\"><\/div>\n\t\t<\/div>\n\t\t\t\t<\/div>\n\t\t\t\t<\/div>\n\t\t\t\t\t<\/div>\n\t\t\t\t<\/div>\n\t\t\t\t<section class=\"elementor-section elementor-top-section elementor-element elementor-element-68b5482a elementor-section-boxed elementor-section-height-default elementor-section-height-default wpr-particle-no wpr-jarallax-no wpr-parallax-no wpr-sticky-section-no\" data-id=\"68b5482a\" data-element_type=\"section\">\n\t\t\t\t\t\t<div class=\"elementor-container elementor-column-gap-default\">\n\t\t\t\t\t<div class=\"elementor-column elementor-col-50 elementor-top-column elementor-element elementor-element-73cc5fb7\" data-id=\"73cc5fb7\" data-element_type=\"column\">\n\t\t\t<div class=\"elementor-widget-wrap elementor-element-populated\">\n\t\t\t\t\t\t<div class=\"elementor-element elementor-element-5783d68a elementor-widget elementor-widget-heading\" data-id=\"5783d68a\" data-element_type=\"widget\" data-widget_type=\"heading.default\">\n\t\t\t\t<div class=\"elementor-widget-container\">\n\t\t\t<h2 class=\"elementor-heading-title elementor-size-default\">Historia e jet\u00ebs p\u00ebr miq\u00ebsin\u00eb dhe sportin<\/h2>\t\t<\/div>\n\t\t\t\t<\/div>\n\t\t\t\t<div class=\"elementor-element elementor-element-394ad05a elementor-widget elementor-widget-text-editor\" data-id=\"394ad05a\" data-element_type=\"widget\" data-widget_type=\"text-editor.default\">\n\t\t\t\t<div class=\"elementor-widget-container\">\n\t\t\t\t\t\t\t<p>Tradita jon\u00eb e mbledhjes s\u00eb ambasador\u00ebve t\u00eb sportit bot\u00ebror vazhdon, pasi besojm\u00eb se sporti mund t\u00eb lidh\u00eb njer\u00ebzit dhe t\u00eb nd\u00ebrtoj\u00eb ura miq\u00ebsie. Ne jemi nj\u00eb ekip entuziast\u00ebsh t\u00eb p\u00ebrkushtuar p\u00ebr krijimin e momenteve t\u00eb paharrueshme dhe forcimin e komunitetit p\u00ebrmes bashk\u00ebpunimit sportiv dhe miq\u00ebsis\u00eb.<\/p><p>Bashkohu me ne n\u00eb k\u00ebt\u00eb mision dhe b\u00ebhu pjes\u00eb e di\u00e7kaje t\u00eb ve\u00e7ant\u00eb!<\/p>\t\t\t\t\t\t<\/div>\n\t\t\t\t<\/div>\n\t\t\t\t\t<\/div>\n\t\t<\/div>\n\t\t\t\t<div class=\"elementor-column elementor-col-50 elementor-top-column elementor-element elementor-element-6ed9f23e\" data-id=\"6ed9f23e\" data-element_type=\"column\">\n\t\t\t<div class=\"elementor-widget-wrap elementor-element-populated\">\n\t\t\t\t\t\t<div class=\"elementor-element elementor-element-6b5086a3 elementor-icon-list--layout-traditional elementor-list-item-link-full_width elementor-widget elementor-widget-icon-list\" data-id=\"6b5086a3\" data-element_type=\"widget\" data-widget_type=\"icon-list.default\">\n\t\t\t\t<div class=\"elementor-widget-container\">\n\t\t\t\t\t<ul class=\"elementor-icon-list-items\">\n\t\t\t\t\t\t\t<li class=\"elementor-icon-list-item\">\n\t\t\t\t\t\t\t\t\t\t\t<span class=\"elementor-icon-list-icon\">\n\t\t\t\t\t\t\t<svg aria-hidden=\"true\" class=\"e-font-icon-svg e-far-dot-circle\" viewbox=\"0 0 512 512\" xmlns=\"http:\/\/www.w3.org\/2000\/svg\"><path d=\"M256 56c110.532 0 200 89.451 200 200 0 110.532-89.451 200-200 200-110.532 0-200-89.451-200-200 0-110.532 89.451-200 200-200m0-48C119.033 8 8 119.033 8 256s111.033 248 248 248 248-111.033 248-248S392.967 8 256 8zm0 168c-44.183 0-80 35.817-80 80s35.817 80 80 80 80-35.817 80-80-35.817-80-80-80z\"><\/path><\/svg>\t\t\t\t\t\t<\/span>\n\t\t\t\t\t\t\t\t\t\t<span class=\"elementor-icon-list-text\">Promovimi i miq\u00ebsis\u00eb dhe dashuris\u00eb: Krijimi i nj\u00eb platforme q\u00eb bashkon njer\u00ebz nga ambiente t\u00eb ndryshme, duke promovuar vlerat e miq\u00ebsis\u00eb dhe respektit t\u00eb nd\u00ebrsjell\u00eb p\u00ebrmes sportit.<\/span>\n\t\t\t\t\t\t\t\t\t<\/li>\n\t\t\t\t\t\t\t\t<li class=\"elementor-icon-list-item\">\n\t\t\t\t\t\t\t\t\t\t\t<span class=\"elementor-icon-list-icon\">\n\t\t\t\t\t\t\t<svg aria-hidden=\"true\" class=\"e-font-icon-svg e-far-dot-circle\" viewbox=\"0 0 512 512\" xmlns=\"http:\/\/www.w3.org\/2000\/svg\"><path d=\"M256 56c110.532 0 200 89.451 200 200 0 110.532-89.451 200-200 200-110.532 0-200-89.451-200-200 0-110.532 89.451-200 200-200m0-48C119.033 8 8 119.033 8 256s111.033 248 248 248 248-111.033 248-248S392.967 8 256 8zm0 168c-44.183 0-80 35.817-80 80s35.817 80 80 80 80-35.817 80-80-35.817-80-80-80z\"><\/path><\/svg>\t\t\t\t\t\t<\/span>\n\t\t\t\t\t\t\t\t\t\t<span class=\"elementor-icon-list-text\">Mb\u00ebshtetje p\u00ebr ambasador\u00ebt sportiv\u00eb: Bashkimi i figurave t\u00eb njohura sportive nga e gjith\u00eb bota q\u00eb d\u00ebrgojn\u00eb mesazhe t\u00eb forta p\u00ebr paqe, toleranc\u00eb dhe unitet, duke inspiruar atlet\u00ebt e rinj dhe qytetar\u00ebt.<\/span>\n\t\t\t\t\t\t\t\t\t<\/li>\n\t\t\t\t\t\t\t\t<li class=\"elementor-icon-list-item\">\n\t\t\t\t\t\t\t\t\t\t\t<span class=\"elementor-icon-list-icon\">\n\t\t\t\t\t\t\t<svg aria-hidden=\"true\" class=\"e-font-icon-svg e-far-dot-circle\" viewbox=\"0 0 512 512\" xmlns=\"http:\/\/www.w3.org\/2000\/svg\"><path d=\"M256 56c110.532 0 200 89.451 200 200 0 110.532-89.451 200-200 200-110.532 0-200-89.451-200-200 0-110.532 89.451-200 200-200m0-48C119.033 8 8 119.033 8 256s111.033 248 248 248 248-111.033 248-248S392.967 8 256 8zm0 168c-44.183 0-80 35.817-80 80s35.817 80 80 80 80-35.817 80-80-35.817-80-80-80z\"><\/path><\/svg>\t\t\t\t\t\t<\/span>\n\t\t\t\t\t\t\t\t\t\t<span class=\"elementor-icon-list-text\">Mb\u00ebshtetje p\u00ebr ambasador\u00ebt sportiv\u00eb: Bashkimi i figurave t\u00eb njohura sportive nga e gjith\u00eb bota q\u00eb d\u00ebrgojn\u00eb mesazhe t\u00eb forta p\u00ebr paqe, toleranc\u00eb dhe unitet, duke inspiruar atlet\u00ebt e rinj dhe qytetar\u00ebt.<\/span>\n\t\t\t\t\t\t\t\t\t<\/li>\n\t\t\t\t\t\t\t\t<li class=\"elementor-icon-list-item\">\n\t\t\t\t\t\t\t\t\t\t\t<span class=\"elementor-icon-list-icon\">\n\t\t\t\t\t\t\t<svg aria-hidden=\"true\" class=\"e-font-icon-svg e-far-dot-circle\" viewbox=\"0 0 512 512\" xmlns=\"http:\/\/www.w3.org\/2000\/svg\"><path d=\"M256 56c110.532 0 200 89.451 200 200 0 110.532-89.451 200-200 200-110.532 0-200-89.451-200-200 0-110.532 89.451-200 200-200m0-48C119.033 8 8 119.033 8 256s111.033 248 248 248 248-111.033 248-248S392.967 8 256 8zm0 168c-44.183 0-80 35.817-80 80s35.817 80 80 80 80-35.817 80-80-35.817-80-80-80z\"><\/path><\/svg>\t\t\t\t\t\t<\/span>\n\t\t\t\t\t\t\t\t\t\t<span class=\"elementor-icon-list-text\">Forcimi i komunitetit: P\u00ebrfshirja e familjeve dhe individ\u00ebve lokal\u00eb n\u00eb organizimin e ngjarjeve, duke forcuar k\u00ebshtu kohezionin social dhe unitetin brenda komun\u00ebs s\u00eb Ulqinit.<\/span>\n\t\t\t\t\t\t\t\t\t<\/li>\n\t\t\t\t\t\t<\/ul>\n\t\t\t\t<\/div>\n\t\t\t\t<\/div>\n\t\t\t\t\t<\/div>\n\t\t<\/div>\n\t\t\t\t\t<\/div>\n\t\t<\/section>\n\t\t<div class=\"elementor-element elementor-element-b769254 e-flex e-con-boxed wpr-particle-no wpr-jarallax-no wpr-parallax-no wpr-sticky-section-no e-con e-parent\" data-id=\"b769254\" data-element_type=\"container\">\n\t\t\t\t\t<div class=\"e-con-inner\">\n\t\t\t\t<div class=\"elementor-element elementor-element-f302865 elementor-widget elementor-widget-spacer\" data-id=\"f302865\" data-element_type=\"widget\" data-widget_type=\"spacer.default\">\n\t\t\t\t<div class=\"elementor-widget-container\">\n\t\t\t\t\t<div class=\"elementor-spacer\">\n\t\t\t<div class=\"elementor-spacer-inner\"><\/div>\n\t\t<\/div>\n\t\t\t\t<\/div>\n\t\t\t\t<\/div>\n\t\t\t\t\t<\/div>\n\t\t\t\t<\/div>\n\t\t<div class=\"elementor-element elementor-element-31f7509 e-flex e-con-boxed wpr-particle-no wpr-jarallax-no wpr-parallax-no wpr-sticky-section-no e-con e-parent\" data-id=\"31f7509\" data-element_type=\"container\">\n\t\t\t\t\t<div class=\"e-con-inner\">\n\t\t\t\t<div class=\"elementor-element elementor-element-27fd398 elementor-widget elementor-widget-video\" data-id=\"27fd398\" data-element_type=\"widget\" data-settings=\"{&quot;youtube_url&quot;:&quot;https:\\\/\\\/www.youtube.com\\\/watch?v=zhmeFp-EKvU&quot;,&quot;video_type&quot;:&quot;youtube&quot;,&quot;controls&quot;:&quot;yes&quot;}\" data-widget_type=\"video.default\">\n\t\t\t\t<div class=\"elementor-widget-container\">\n\t\t\t\t\t<div class=\"elementor-wrapper elementor-open-inline\">\n\t\t\t<div class=\"elementor-video\"><\/div>\t\t<\/div>\n\t\t\t\t<\/div>\n\t\t\t\t<\/div>\n\t\t\t\t\t<\/div>\n\t\t\t\t<\/div>\n\t\t\t\t<section class=\"elementor-section elementor-top-section elementor-element elementor-element-4b028777 elementor-section-height-min-height elementor-section-boxed elementor-section-height-default elementor-section-items-middle wpr-particle-no wpr-jarallax-no wpr-parallax-no wpr-sticky-section-no\" data-id=\"4b028777\" data-element_type=\"section\" data-settings=\"{&quot;background_background&quot;:&quot;gradient&quot;}\">\n\t\t\t\t\t\t\t<div class=\"elementor-background-overlay\"><\/div>\n\t\t\t\t\t\t\t<div class=\"elementor-container elementor-column-gap-default\">\n\t\t\t\t\t<div class=\"elementor-column elementor-col-100 elementor-top-column elementor-element elementor-element-206b64e9\" data-id=\"206b64e9\" data-element_type=\"column\">\n\t\t\t<div class=\"elementor-widget-wrap elementor-element-populated\">\n\t\t\t\t\t\t<div class=\"elementor-element elementor-element-106cc5f8 elementor-widget elementor-widget-heading\" data-id=\"106cc5f8\" data-element_type=\"widget\" data-widget_type=\"heading.default\">\n\t\t\t\t<div class=\"elementor-widget-container\">\n\t\t\t<h2 class=\"elementor-heading-title elementor-size-default\">Statistikat e Mundialit\n<\/h2>\t\t<\/div>\n\t\t\t\t<\/div>\n\t\t\t\t<section class=\"elementor-section elementor-inner-section elementor-element elementor-element-3a675aa8 elementor-section-boxed elementor-section-height-default elementor-section-height-default wpr-particle-no wpr-jarallax-no wpr-parallax-no wpr-sticky-section-no\" data-id=\"3a675aa8\" data-element_type=\"section\">\n\t\t\t\t\t\t<div class=\"elementor-container elementor-column-gap-default\">\n\t\t\t\t\t<div class=\"elementor-column elementor-col-25 elementor-inner-column elementor-element elementor-element-4b3a9eaa elementor-invisible\" data-id=\"4b3a9eaa\" data-element_type=\"column\" data-settings=\"{&quot;animation&quot;:&quot;zoomIn&quot;}\">\n\t\t\t<div class=\"elementor-widget-wrap elementor-element-populated\">\n\t\t\t\t\t\t<div class=\"elementor-element elementor-element-428656c2 elementor-widget elementor-widget-counter\" data-id=\"428656c2\" data-element_type=\"widget\" data-widget_type=\"counter.default\">\n\t\t\t\t<div class=\"elementor-widget-container\">\n\t\t\t\t\t<div class=\"elementor-counter\">\n\t\t\t<div class=\"elementor-counter-title\">Mundiali i Miq\u00ebsis\u00eb<\/div>\t\t\t<div class=\"elementor-counter-number-wrapper\">\n\t\t\t\t<span class=\"elementor-counter-number-prefix\"><\/span>\n\t\t\t\t<span class=\"elementor-counter-number\" data-duration=\"2000\" data-to-value=\"3\" data-from-value=\"0\" data-delimiter=\",\">0<\/span>\n\t\t\t\t<span class=\"elementor-counter-number-suffix\"><\/span>\n\t\t\t<\/div>\n\t\t<\/div>\n\t\t\t\t<\/div>\n\t\t\t\t<\/div>\n\t\t\t\t\t<\/div>\n\t\t<\/div>\n\t\t\t\t<div class=\"elementor-column elementor-col-25 elementor-inner-column elementor-element elementor-element-7626c8ec elementor-invisible\" data-id=\"7626c8ec\" data-element_type=\"column\" data-settings=\"{&quot;animation&quot;:&quot;zoomIn&quot;,&quot;animation_delay&quot;:100}\">\n\t\t\t<div class=\"elementor-widget-wrap elementor-element-populated\">\n\t\t\t\t\t\t<div class=\"elementor-element elementor-element-449fc47a elementor-widget elementor-widget-counter\" data-id=\"449fc47a\" data-element_type=\"widget\" data-widget_type=\"counter.default\">\n\t\t\t\t<div class=\"elementor-widget-container\">\n\t\t\t\t\t<div class=\"elementor-counter\">\n\t\t\t<div class=\"elementor-counter-title\">Pjes\u00ebmarr\u00ebs - legjenda sportive<\/div>\t\t\t<div class=\"elementor-counter-number-wrapper\">\n\t\t\t\t<span class=\"elementor-counter-number-prefix\"><\/span>\n\t\t\t\t<span class=\"elementor-counter-number\" data-duration=\"2000\" data-to-value=\"2\" data-from-value=\"0\" data-delimiter=\",\">0<\/span>\n\t\t\t\t<span class=\"elementor-counter-number-suffix\">k<\/span>\n\t\t\t<\/div>\n\t\t<\/div>\n\t\t\t\t<\/div>\n\t\t\t\t<\/div>\n\t\t\t\t\t<\/div>\n\t\t<\/div>\n\t\t\t\t<div class=\"elementor-column elementor-col-25 elementor-inner-column elementor-element elementor-element-31086dee elementor-invisible\" data-id=\"31086dee\" data-element_type=\"column\" data-settings=\"{&quot;animation&quot;:&quot;zoomIn&quot;,&quot;animation_delay&quot;:200}\">\n\t\t\t<div class=\"elementor-widget-wrap elementor-element-populated\">\n\t\t\t\t\t\t<div class=\"elementor-element elementor-element-2db5942c elementor-widget__width-initial elementor-widget elementor-widget-counter\" data-id=\"2db5942c\" data-element_type=\"widget\" data-widget_type=\"counter.default\">\n\t\t\t\t<div class=\"elementor-widget-container\">\n\t\t\t\t\t<div class=\"elementor-counter\">\n\t\t\t<div class=\"elementor-counter-title\">Vizitor\u00ebt e Mundialit<\/div>\t\t\t<div class=\"elementor-counter-number-wrapper\">\n\t\t\t\t<span class=\"elementor-counter-number-prefix\"><\/span>\n\t\t\t\t<span class=\"elementor-counter-number\" data-duration=\"2000\" data-to-value=\"10\" data-from-value=\"0\" data-delimiter=\",\">0<\/span>\n\t\t\t\t<span class=\"elementor-counter-number-suffix\">k<\/span>\n\t\t\t<\/div>\n\t\t<\/div>\n\t\t\t\t<\/div>\n\t\t\t\t<\/div>\n\t\t\t\t\t<\/div>\n\t\t<\/div>\n\t\t\t\t<div class=\"elementor-column elementor-col-25 elementor-inner-column elementor-element elementor-element-25ab1816 elementor-invisible\" data-id=\"25ab1816\" data-element_type=\"column\" data-settings=\"{&quot;animation&quot;:&quot;zoomIn&quot;,&quot;animation_delay&quot;:300}\">\n\t\t\t<div class=\"elementor-widget-wrap elementor-element-populated\">\n\t\t\t\t\t\t<div class=\"elementor-element elementor-element-1110f687 elementor-widget elementor-widget-counter\" data-id=\"1110f687\" data-element_type=\"widget\" data-widget_type=\"counter.default\">\n\t\t\t\t<div class=\"elementor-widget-container\">\n\t\t\t\t\t<div class=\"elementor-counter\">\n\t\t\t<div class=\"elementor-counter-title\">Gazetar\u00ebt dhe Stacionet TV<\/div>\t\t\t<div class=\"elementor-counter-number-wrapper\">\n\t\t\t\t<span class=\"elementor-counter-number-prefix\"><\/span>\n\t\t\t\t<span class=\"elementor-counter-number\" data-duration=\"2000\" data-to-value=\"100\" data-from-value=\"0\" data-delimiter=\",\">0<\/span>\n\t\t\t\t<span class=\"elementor-counter-number-suffix\"><\/span>\n\t\t\t<\/div>\n\t\t<\/div>\n\t\t\t\t<\/div>\n\t\t\t\t<\/div>\n\t\t\t\t\t<\/div>\n\t\t<\/div>\n\t\t\t\t\t<\/div>\n\t\t<\/section>\n\t\t\t\t\t<\/div>\n\t\t<\/div>\n\t\t\t\t\t<\/div>\n\t\t<\/section>\n\t\t\t\t<section class=\"elementor-section elementor-top-section elementor-element elementor-element-423459860 elementor-section-boxed elementor-section-height-default elementor-section-height-default wpr-particle-no wpr-jarallax-no wpr-parallax-no wpr-sticky-section-no\" data-id=\"423459860\" data-element_type=\"section\">\n\t\t\t\t\t\t<div class=\"elementor-container elementor-column-gap-default\">\n\t\t\t\t\t<div class=\"elementor-column elementor-col-100 elementor-top-column elementor-element elementor-element-7a37dadd\" data-id=\"7a37dadd\" data-element_type=\"column\">\n\t\t\t<div class=\"elementor-widget-wrap elementor-element-populated\">\n\t\t\t\t\t\t<div class=\"elementor-element elementor-element-7e1d3a2d elementor-widget elementor-widget-spacer\" data-id=\"7e1d3a2d\" data-element_type=\"widget\" data-widget_type=\"spacer.default\">\n\t\t\t\t<div class=\"elementor-widget-container\">\n\t\t\t\t\t<div class=\"elementor-spacer\">\n\t\t\t<div class=\"elementor-spacer-inner\"><\/div>\n\t\t<\/div>\n\t\t\t\t<\/div>\n\t\t\t\t<\/div>\n\t\t\t\t\t<\/div>\n\t\t<\/div>\n\t\t\t\t\t<\/div>\n\t\t<\/section>\n\t\t\t\t<section class=\"elementor-section elementor-top-section elementor-element elementor-element-967b6b8 elementor-section-boxed elementor-section-height-default elementor-section-height-default wpr-particle-no wpr-jarallax-no wpr-parallax-no wpr-sticky-section-no\" data-id=\"967b6b8\" data-element_type=\"section\">\n\t\t\t\t\t\t<div class=\"elementor-container elementor-column-gap-default\">\n\t\t\t\t\t<div class=\"elementor-column elementor-col-100 elementor-top-column elementor-element elementor-element-54fc33b4\" data-id=\"54fc33b4\" data-element_type=\"column\">\n\t\t\t<div class=\"elementor-widget-wrap elementor-element-populated\">\n\t\t\t\t\t\t<div class=\"elementor-element elementor-element-470535ce elementor-widget elementor-widget-heading\" data-id=\"470535ce\" data-element_type=\"widget\" data-widget_type=\"heading.default\">\n\t\t\t\t<div class=\"elementor-widget-container\">\n\t\t\t<h2 class=\"elementor-heading-title elementor-size-default\">Video Timeline<\/h2>\t\t<\/div>\n\t\t\t\t<\/div>\n\t\t\t\t<div class=\"elementor-element elementor-element-5b5c7efd wpr-list-style-none elementor-widget elementor-widget-wpr-posts-timeline\" data-id=\"5b5c7efd\" data-element_type=\"widget\" data-settings=\"{&quot;animation_offset&quot;:150,&quot;aos_animation_duration&quot;:600}\" data-widget_type=\"wpr-posts-timeline.default\">\n\t\t\t\t<div class=\"elementor-widget-container\">\n\t\t\t\n\t\t<div class=\"wpr-wrapper wpr-vertical wpr-centered\">\n\t\t\t<div class=\"wpr-timeline-centered wpr-line wpr-both-sided-timeline\"><div class=\"wpr-middle-line\"><\/div><div class=\"wpr-timeline-fill\" data-layout=\"centered\"><\/div><span class=\"wpr-year-wrap\"><span class=\"wpr-year-label wpr-year\">2025<\/span><\/span><article class=\"wpr-timeline-entry wpr-left-aligned elementor-repeater-item-89eb76a\" data-item-id=\"elementor-repeater-item-89eb76a\"><time class=\"wpr-extra-label\" data-aos=\"fade\" data-aos-left=\"\" data-aos-right=\"\" data-animation-offset=\"150\" data-animation-duration=\"600\"><span class=\"wpr-label\">Novembar  2024<\/span><span class=\"wpr-sub-label\">Hapja Shtes\u00eb<\/span><\/time><div class=\"wpr-timeline-entry-inner\"><div class=\"wpr-main-line-icon wpr-icon\"><svg aria-hidden=\"true\" class=\"e-font-icon-svg e-fas-circle\" viewbox=\"0 0 512 512\" xmlns=\"http:\/\/www.w3.org\/2000\/svg\"><path d=\"M256 8C119 8 8 119 8 256s111 248 248 248 248-111 248-248S393 8 256 8z\"><\/path><\/svg><\/div><div class=\"wpr-story-info-vertical wpr-data-wrap\"  data-aos=\"fade\" data-aos-left=\"\" data-aos-right=\"\" data-animation-offset=\"150\" data-animation-duration=\"600\"><div class=\"wpr-animation-wrap wpr-timeline-media\"><div class=\"wpr-timeline-iframe-wrapper\"> <iframe width=\"100%\" height=\"auto\"\n                    src=\"https:\/\/www.youtube.com\/embed\/sxy4A9nv9FM\" \n                    frameborder=\"0\" allowfullscreen><\/iframe> <\/div><\/div><div class=\"wpr-timeline-content-wrapper\"><div class=\"wpr-content-wrapper\"><p class=\"wpr-title-wrap\"><a href=\"https:\/\/www.youtube.com\/watch?v=mx49nAWA3Kc&#038;t=17s\" target=\"_blank\" rel=\"nofollow\" class=\"wpr-title\">Mundijal prijateljstva  1 (2022))<\/a><\/p><div class=\"wpr-description\"><p>N\u00eb fillim t\u00eb k\u00ebsaj manifestimi tashm\u00eb t\u00eb njohur, u shfaq filmi dokumentar \u201cGuximsh\u00ebm dhe me rezultate\u201d (E Diel, Qendra e Kultur\u00ebs Ulqin \u2013 18:15).<\/p><p>N\u00eb dit\u00ebn e dyt\u00eb t\u00eb Mundialit t\u00eb Miq\u00ebsis\u00eb, nd\u00ebr t\u00eb tjera, n\u00eb program ishte premiera malazeze e nj\u00eb filmi nga regjisori i Zagrebit, Dejan A\u0107imovi\u0107, p\u00ebr trajnerin e suksessh\u00ebm t\u00eb vaterpolos dhe selektorin Ratko Rudi\u0107 (E H\u00ebn\u00eb, Qendra e Kultur\u00ebs \u2013 18:00).<\/p><p>Me k\u00ebt\u00eb rast, ne Ulqin u mblodh nj\u00eb num\u00ebr i madh reprezentuesish t\u00eb vaterpolos nga ish-Jugosllavia, t\u00eb cil\u00ebt fituan medaljen e art\u00eb n\u00eb...<a class=\"google-anno\" href=\"https:\/\/sport.org.rs\/mundijal-prijateljstva-ulcinj-ce-od-20-do-22-oktobra-biti-glavni-sportski-grad-nase-regije\/#\" data-google-vignette=\"false\" data-google-interstitial=\"false\">\u00a0<span class=\"google-anno-t\">Lojrat Olimpike<\/span><\/a> N\u00eb 1984 n\u00eb Los Anxhelos... N\u00eb dit\u00ebn e tret\u00eb dhe t\u00eb fundit, filmat dokumentar\u00eb \u201cOlimpiada n\u00eb Sarajev\u00eb\u201d dhe \u201cPema e Paqes Ballkanike\u201d do t\u00eb jen\u00eb n\u00ebn v\u00ebmendjen speciale. Sportist\u00ebt legjendar\u00eb nga ish-Jugosllavia mboll\u00ebn \u201cPem\u00ebn e Paqes Ballkanike\u201d n\u00eb Ulqin.<\/p><\/div><\/div><\/div><\/div>\n\t\t\t\t\t\t<\/div>\n\t\t\t\t<\/article><article class=\"wpr-timeline-entry wpr-right-aligned elementor-repeater-item-700f641\" data-item-id=\"elementor-repeater-item-700f641\"><time class=\"wpr-extra-label\" data-aos=\"fade\" data-aos-left=\"\" data-aos-right=\"\" data-animation-offset=\"150\" data-animation-duration=\"600\"><span class=\"wpr-label\">Novembar 2023<\/span><span class=\"wpr-sub-label\">Hapja Shtes\u00eb <\/span><\/time><div class=\"wpr-timeline-entry-inner\"><div class=\"wpr-main-line-icon wpr-icon\"><svg aria-hidden=\"true\" class=\"e-font-icon-svg e-fas-circle\" viewbox=\"0 0 512 512\" xmlns=\"http:\/\/www.w3.org\/2000\/svg\"><path d=\"M256 8C119 8 8 119 8 256s111 248 248 248 248-111 248-248S393 8 256 8z\"><\/path><\/svg><\/div><div class=\"wpr-story-info-vertical wpr-data-wrap\"  data-aos=\"fade\" data-aos-left=\"\" data-aos-right=\"\" data-animation-offset=\"150\" data-animation-duration=\"600\"><div class=\"wpr-animation-wrap wpr-timeline-media\"><div class=\"wpr-timeline-iframe-wrapper\"> <iframe width=\"100%\" height=\"auto\"\n                    src=\"https:\/\/www.youtube.com\/embed\/W8oehMG8uOw\" \n                    frameborder=\"0\" allowfullscreen><\/iframe> <\/div><\/div><div class=\"wpr-timeline-content-wrapper\"><div class=\"wpr-content-wrapper\"><p class=\"wpr-title-wrap\"><span class=\"wpr-title\">Mundijal prijateljstva 2 (2023)<\/span><\/p><div class=\"wpr-description\"><p>26.11.2023. E Diel\u00eb<\/p><p>Fillimi i programit kulturor t\u00eb arg\u00ebtimit me kafe nga Xhezvja m\u00eb e madhe n\u00eb bot\u00eb, e cila arrin n\u00eb Ulqin nga Sarajeva fal\u00eb Kazanxhij\u00ebs m\u00eb t\u00eb vjet\u00ebr t\u00eb Sarajev\u00ebs, Nasir Jabu\u010dar, dhe kompanis\u00eb \u201cVispak.\u201d\u00a0<\/p><p>Hapja e Mundialit t\u00eb Miq\u00ebsis\u00eb Ulqin, promovimi, prezantimi dhe adresimi i mysafir\u00ebve.<\/p><p>17:00 (Qendra i Kultur\u00ebs)\u00a0<\/p><p>Promovimi i filmit dokumentar \u201c\u0106iro Bla\u017eevi\u0107.\u201d<\/p><p>20:00 (Restorani \u201cPrimavera\u201d) Darka festive, shoq\u00ebrim dhe arg\u00ebtim p\u00ebr mysafir\u00ebt e Mundialit.<\/p><p>27.11.2023.<br \/>E H\u00ebn\u00eb<\/p><p>11:00 (Qyteti i Vjet\u00ebr \/ mbledhja n\u00eb Hotelin Palata Venezia)\u00a0<\/p><p>Vizit\u00eb n\u00eb Qytetin e Vjet\u00ebr t\u00eb Ulqinit dhe muzeun me nj\u00eb koktel dhe nj\u00eb tryez\u00eb tradicionale ulqinake\u00a0<\/p><p>18:00 (Qendra i Kultur\u00ebs)\u00a0<\/p><p>Premiera e filmit dokumentar sportiv: \u201cMundiali Ulqin t\u00eb Miq\u00ebsis\u00eb \u2013 M\u00eb shum\u00eb se nj\u00eb loj\u00eb, m\u00eb shum\u00eb se nj\u00eb jet\u00eb\u00a0<\/p><p>Nisja e organizuar p\u00ebr Ada Bojan\u00ebn, vendi i mbledhjes dhe nisja nga \u201cPlo\u00e7a\u201d (pran\u00eb Caffe Bar Posejdon). Nj\u00eb vizit\u00eb me udh\u00ebheq\u00ebs turistik dhe nj\u00eb koktel jan\u00eb planifikuar n\u00eb Ada Bojana.<\/p><p>17:00h<br \/>Restorani \u201cPrimavera\u201d\u00a0<\/p><p>Mbyllja festive e \u201cMundialit t\u00eb Miq\u00ebsis\u00eb Ulqin\u201d me dark\u00eb festive dhe arg\u00ebtim.\u00a0<\/p><\/div><\/div><\/div><\/div>\n\t\t\t\t\t\t<\/div>\n\t\t\t\t<\/article><article class=\"wpr-timeline-entry wpr-left-aligned elementor-repeater-item-aa9d67d\" data-item-id=\"elementor-repeater-item-aa9d67d\"><time class=\"wpr-extra-label\" data-aos=\"fade\" data-aos-left=\"\" data-aos-right=\"\" data-animation-offset=\"150\" data-animation-duration=\"600\"><span class=\"wpr-label\">Novembar  2022<\/span><span class=\"wpr-sub-label\">Program Mundijala<\/span><\/time><div class=\"wpr-timeline-entry-inner\"><div class=\"wpr-main-line-icon wpr-icon\"><svg aria-hidden=\"true\" class=\"e-font-icon-svg e-fas-circle\" viewbox=\"0 0 512 512\" xmlns=\"http:\/\/www.w3.org\/2000\/svg\"><path d=\"M256 8C119 8 8 119 8 256s111 248 248 248 248-111 248-248S393 8 256 8z\"><\/path><\/svg><\/div><div class=\"wpr-story-info-vertical wpr-data-wrap\"  data-aos=\"fade\" data-aos-left=\"\" data-aos-right=\"\" data-animation-offset=\"150\" data-animation-duration=\"600\"><div class=\"wpr-animation-wrap wpr-timeline-media\"><div class=\"wpr-timeline-iframe-wrapper\"> <iframe width=\"100%\" height=\"auto\"\n                    src=\"https:\/\/www.youtube.com\/embed\/5MUClTe0A4M\" \n                    frameborder=\"0\" allowfullscreen><\/iframe> <\/div><\/div><div class=\"wpr-timeline-content-wrapper\"><div class=\"wpr-content-wrapper\"><p class=\"wpr-title-wrap\"><span class=\"wpr-title\">Mundijal prijateljstva  1 (2022)<\/span><\/p><div class=\"wpr-description\"><p>Fundjav\u00ebn e kaluar, Ulqini u b\u00eb nj\u00eb qend\u00ebr sportive e rajonit, duke mbledhur yjet e futbollit jugosllav nga vitet '70 dhe '80 n\u00eb promovimin e librit \u201cIvan Gudelj \u2013 Historia e Hajduk\u00ebve\u201d dhe filmit dokumentar \u201cLoj\u00ebn e Ivanit.\u201d<\/p><p>Pavle Pep\u0111onovi\u0107, nj\u00eb humanist dhe sip\u00ebrmarr\u00ebs i njohur, ishte organizatori kryesor i k\u00ebtij spektakli, i cili t\u00ebrheq mbi 100 legjenda futbolli nga ish-Jugosllavia.<\/p><p>Kryeministri i Malit t\u00eb Zi, Dritan Abazovi\u0107, theksoi r\u00ebnd\u00ebsin\u00eb e k\u00ebtij takimi si nj\u00eb simbol i miq\u00ebsis\u00eb dhe unitetit t\u00eb q\u00ebndruesh\u00ebm.<\/p><p>Ivan Gudelj shprehu entuziazmin e tij p\u00ebr pritjen n\u00eb Ulqin, duke theksuar se kjo \u00ebsht\u00eb nj\u00eb nga p\u00ebrvojat m\u00eb t\u00eb bukura t\u00eb jet\u00ebs s\u00eb tij.<\/p><p>Ngjarja kishte gjithashtu karakter humanitar, duke mbledhur fonde p\u00ebr ish-futbollistin Zoran Vorotovi\u0107.<\/p><p>Kyo ngjarje promovoi m\u00eb tej Ulqinin si nj\u00eb destinacion t\u00eb pasur me tradit\u00eb sportive dhe kulturore.<\/p><p>.<\/p><\/div><\/div><\/div><\/div>\n\t\t\t\t\t\t<\/div>\n\t\t\t\t<\/article><\/div>    \n\t\t\t<\/div>\t\t<\/div>\n\t\t\t\t<\/div>\n\t\t\t\t\t<\/div>\n\t\t<\/div>\n\t\t\t\t\t<\/div>\n\t\t<\/section>\n\t\t\t\t<\/div>","protected":false},"excerpt":{"rendered":"<p>o NAMA &#8220;Samo nam je ljubav potrebna&#8221; &#8220;Ulcinjski Mundijal prijateljstva&#8221; je sportsko-\u017eivotna misija koja promovi\u0161e prijateljstvo i ljubav kroz sport. Na\u0161 cilj je okupljanje gra\u0111ana i sportskih ambasadora iz Ulcinja i \u0161ire, kako bismo zajedno slali poruke mira i zajedni\u0161tva. Od samog po\u010detka, sve porodice i pojedinci iz Ulcinja pru\u017eili su neizmjernu podr\u0161ku u organizaciji ovog zna\u010dajnog doga\u0111aja. Prvi Mundijal odr\u017ean je 11. novembra 2022. godine, pod sloganom &#8220;Ivanova ulcinjska igra&#8221;, a povod je bila crnogorska premijera dokumentarnog filma i promocija knjige o legendarnom hajdukovcu Ivanu Gudelju. \u017divotna pri\u010da o prijateljstvu i sportu Na\u0161a tradicija okupljanja svjetskih sportskih ambasadora nastavlja se, jer verujemo da sport mo\u017ee spojiti ljude i graditi mostove prijateljstva. Mi smo tim entuzijasta posve\u0107enih stvaranju nezaboravnih trenutaka i ja\u010danju zajednice kroz sportsku saradnju i prijateljstvo. Pridru\u017eite nam se u ovoj misiji i budite dIo ne\u010dega posebnog! Promocija prijateljstva i ljubavi: Stvaranje platforme koja okuplja ljude iz razli\u010ditih sredina, promovi\u0161u\u0107i vrednosti prijateljstva i me\u0111usobnog po\u0161tovanja kroz sport. Podr\u0161ka sportskim ambasadorima: Okupljanje svetskih sportskih li\u010dnosti koje \u0161alju sna\u017ene poruke o miru, toleranciji i zajedni\u0161tvu, inspiri\u0161u\u0107i mlade sportiste i gra\u0111ane. Podr\u0161ka sportskim ambasadorima: Okupljanje svetskih sportskih li\u010dnosti koje \u0161alju sna\u017ene poruke o miru, toleranciji i zajedni\u0161tvu, inspiri\u0161u\u0107i mlade sportiste i gra\u0111ane. Ja\u010danje zajednice: Uklju\u010divanje lokalnih porodica i pojedinaca u organizaciju doga\u0111aja, \u010dime se ja\u010da dru\u0161tvena kohezija i zajedni\u0161tvo unutar op\u0161tine Ulcinj. Statistika Mundijala Mundijala Prijateljstva 0 U\u010desnika sportskih legendi 0 k Posjetilaca Mundijala 0 k Novinara i TV Stanica 0 Video Timeline 2025 Novembar 2024Sve\u010dano otvaranje Mundijal prijateljstva 1 (2022)) Na po\u010detku ove ve\u0107 prepoznatljive manifestacije prikazan je dokumentarni film \u201cHrabro i na rezultat\u201d (nedjelja, Dom kulture Ulcinj \u2013 18.15 sati). Drugog dana Mundijala prijateljstva \u2013 izme\u0111u ostalog, na programu je bila crnogorska premijera film zagreba\u010dkog re\u017eisera Dejana A\u0107imovi\u0107a o trofejnom vaterpolo treneru i selektoru Ratku Rudi\u0107u (ponedjeljak, Dom kulture \u2013 18 sati). Tim povodom\u00a0 se u Ulcinju okupio veliki dio vaterpolo reprezentativaca biv\u0161e SFRJ, koja je osvojila zlato na\u00a0Olimpijskim igrama 1984. u Los An\u0111elesu\u2026 Tre\u0107eg, zavr\u0161nog dana pod posebnom lupom bit \u0107e dokumentarni film \u201cOlimpijada u Sarajevu\u201d, te \u201cBalkansko drvo mira\u201d. Naime, legendarni sportisti iz biv\u0161e SFRJ \u0107e u Ulcinju zasadili su \u201cBalkansko drvo mira\u201d. Novembar 2023Sve\u010dano otvaranje Mundijal prijateljstva 2 (2023) 26.11.2023. Nedjelja Po\u010detak kulturnog zabavnog programa uz kafu iz najve\u0107e d\u017eezve na svijetu koja u Ulcinj sti\u017ee iz Sarajeva zahvaljuju\u0107i najstarijem sarajevskom kazand\u017eiji Nasiru Jabu\u010daru i firmi \u201cVispak\u201d. Otvaranje Ulcinjskog Mundijala prijateljstva, promocija, predstavljanje i obra\u0107anje gostiju. 17:00h (Dom kulture) Promocija dokumentarnog filma \u201c\u0106iro Bla\u017eevi\u0107\u201d. 20:00h (Restoran \u201cPrimavera)\u00a0Sve\u010dana ve\u010dera, dru\u017eenje i zabava za goste Mundijala. 27.11.2023. Ponedeljak 11:00h (Stari grad \/ okupljanje u hotelu Palata Venezia) Obilazak ulcinjskog Starog grada i muzeja uz koktel i tradicionalnu ulcinjsku trpezu. 18:00h (Dom kulture) Premijera sportskog dokumentarnog filma: \u201cUlcinjski Mundijal prijateljstva \u2013 Vi\u0161e od igre, vi\u0161e od \u017eivota\u201d Organizovan polazak za Adu Bojanu, mjesto okupljanja i polazak sa \u201cPlo\u010de\u201d (kod caffe bar-a Posejdon). Na Adi Bojani je planiran obilazak uz turisti\u010dkog vodi\u010da i koktel. 17:00h Restoran \u201cPrimavera\u201d Sve\u010dano zatvaranje\u00a0 \u201cUlcinjskog Mundijala prijateljstva\u201d uz sve\u010danu ve\u010deru i zabavu. Novembar 2022Program Mundijala Mundijal prijateljstva 1 (2022) Proteklog vikenda, Ulcinj je postao sportski centar regiona, okupljaju\u0107i asove jugoslovenskog fudbala iz 70-ih i 80-ih godina na promociji knjige \u201eIvan Gudelj \u2013 Hajdu\u010dka pri\u010da\u201c i dokumentarnog filma \u201eIvanova igra\u201c. Pavle Pep\u0111onovi\u0107, poznati humanista i privrednik, bio je glavni organizator ovog spektakla, koji je privukao preko 100 fudbalskih legendi iz biv\u0161e Jugoslavije. Predsjednik Vlade Crne Gore, Dritan Abazovi\u0107, naglasio je va\u017enost ovog okupljanja kao trajnog prijateljstva i zajedni\u0161tva. Ivan Gudelj izrazio je odu\u0161evljenje prijemom u Ulcinju, isti\u010du\u0107i da je ovo jedno od najljep\u0161ih iskustava u njegovom \u017eivotu. Manifestacija je imala i humanitarni karakter, prikupljaju\u0107i sredstva za biv\u0161eg fudbalera Zorana Vorotovi\u0107a. Ovaj doga\u0111aj je dodatno promovirao Ulcinj kao destinaciju bogatu sportskom i kulturnom tradicijom. .<\/p>","protected":false},"author":1,"featured_media":0,"parent":0,"menu_order":0,"comment_status":"closed","ping_status":"closed","template":"tpl-default-elementor.php","meta":{"footnotes":""},"class_list":["post-667","page","type-page","status-publish","hentry"],"yoast_head":"<!-- This site is optimized with the Yoast SEO plugin v24.0 - https:\/\/yoast.com\/wordpress\/plugins\/seo\/ -->\n<title>O NAMA - Mundijalprijateljstva-ulcinj<\/title>\n<meta name=\"robots\" content=\"index, follow, max-snippet:-1, max-image-preview:large, max-video-preview:-1\" \/>\n<link rel=\"canonical\" href=\"https:\/\/mundijalprijateljstva-ulcinj.me\/sq\/about-us\/\" \/>\n<meta property=\"og:locale\" content=\"sq_AL\" \/>\n<meta property=\"og:type\" content=\"article\" \/>\n<meta property=\"og:title\" content=\"O NAMA - Mundijalprijateljstva-ulcinj\" \/>\n<meta property=\"og:description\" content=\"o NAMA &#8220;Samo nam je ljubav potrebna&#8221; &#8220;Ulcinjski Mundijal prijateljstva&#8221; je sportsko-\u017eivotna misija koja promovi\u0161e prijateljstvo i ljubav kroz sport. Na\u0161 cilj je okupljanje gra\u0111ana i sportskih ambasadora iz Ulcinja i \u0161ire, kako bismo zajedno slali poruke mira i zajedni\u0161tva. Od samog po\u010detka, sve porodice i pojedinci iz Ulcinja pru\u017eili su neizmjernu podr\u0161ku u organizaciji ovog zna\u010dajnog doga\u0111aja. Prvi Mundijal odr\u017ean je 11. novembra 2022. godine, pod sloganom &#8220;Ivanova ulcinjska igra&#8221;, a povod je bila crnogorska premijera dokumentarnog filma i promocija knjige o legendarnom hajdukovcu Ivanu Gudelju. \u017divotna pri\u010da o prijateljstvu i sportu Na\u0161a tradicija okupljanja svjetskih sportskih ambasadora nastavlja se, jer verujemo da sport mo\u017ee spojiti ljude i graditi mostove prijateljstva. Mi smo tim entuzijasta posve\u0107enih stvaranju nezaboravnih trenutaka i ja\u010danju zajednice kroz sportsku saradnju i prijateljstvo. Pridru\u017eite nam se u ovoj misiji i budite dIo ne\u010dega posebnog! Promocija prijateljstva i ljubavi: Stvaranje platforme koja okuplja ljude iz razli\u010ditih sredina, promovi\u0161u\u0107i vrednosti prijateljstva i me\u0111usobnog po\u0161tovanja kroz sport. Podr\u0161ka sportskim ambasadorima: Okupljanje svetskih sportskih li\u010dnosti koje \u0161alju sna\u017ene poruke o miru, toleranciji i zajedni\u0161tvu, inspiri\u0161u\u0107i mlade sportiste i gra\u0111ane. Podr\u0161ka sportskim ambasadorima: Okupljanje svetskih sportskih li\u010dnosti koje \u0161alju sna\u017ene poruke o miru, toleranciji i zajedni\u0161tvu, inspiri\u0161u\u0107i mlade sportiste i gra\u0111ane. Ja\u010danje zajednice: Uklju\u010divanje lokalnih porodica i pojedinaca u organizaciju doga\u0111aja, \u010dime se ja\u010da dru\u0161tvena kohezija i zajedni\u0161tvo unutar op\u0161tine Ulcinj. Statistika Mundijala Mundijala Prijateljstva 0 U\u010desnika sportskih legendi 0 k Posjetilaca Mundijala 0 k Novinara i TV Stanica 0 Video Timeline 2025 Novembar 2024Sve\u010dano otvaranje Mundijal prijateljstva 1 (2022)) Na po\u010detku ove ve\u0107 prepoznatljive manifestacije prikazan je dokumentarni film \u201cHrabro i na rezultat\u201d (nedjelja, Dom kulture Ulcinj \u2013 18.15 sati). Drugog dana Mundijala prijateljstva \u2013 izme\u0111u ostalog, na programu je bila crnogorska premijera film zagreba\u010dkog re\u017eisera Dejana A\u0107imovi\u0107a o trofejnom vaterpolo treneru i selektoru Ratku Rudi\u0107u (ponedjeljak, Dom kulture \u2013 18 sati). Tim povodom\u00a0 se u Ulcinju okupio veliki dio vaterpolo reprezentativaca biv\u0161e SFRJ, koja je osvojila zlato na\u00a0Olimpijskim igrama 1984. u Los An\u0111elesu\u2026 Tre\u0107eg, zavr\u0161nog dana pod posebnom lupom bit \u0107e dokumentarni film \u201cOlimpijada u Sarajevu\u201d, te \u201cBalkansko drvo mira\u201d. Naime, legendarni sportisti iz biv\u0161e SFRJ \u0107e u Ulcinju zasadili su \u201cBalkansko drvo mira\u201d. Novembar 2023Sve\u010dano otvaranje Mundijal prijateljstva 2 (2023) 26.11.2023. Nedjelja Po\u010detak kulturnog zabavnog programa uz kafu iz najve\u0107e d\u017eezve na svijetu koja u Ulcinj sti\u017ee iz Sarajeva zahvaljuju\u0107i najstarijem sarajevskom kazand\u017eiji Nasiru Jabu\u010daru i firmi \u201cVispak\u201d. Otvaranje Ulcinjskog Mundijala prijateljstva, promocija, predstavljanje i obra\u0107anje gostiju. 17:00h (Dom kulture) Promocija dokumentarnog filma \u201c\u0106iro Bla\u017eevi\u0107\u201d. 20:00h (Restoran \u201cPrimavera)\u00a0Sve\u010dana ve\u010dera, dru\u017eenje i zabava za goste Mundijala. 27.11.2023. Ponedeljak 11:00h (Stari grad \/ okupljanje u hotelu Palata Venezia) Obilazak ulcinjskog Starog grada i muzeja uz koktel i tradicionalnu ulcinjsku trpezu. 18:00h (Dom kulture) Premijera sportskog dokumentarnog filma: \u201cUlcinjski Mundijal prijateljstva \u2013 Vi\u0161e od igre, vi\u0161e od \u017eivota\u201d Organizovan polazak za Adu Bojanu, mjesto okupljanja i polazak sa \u201cPlo\u010de\u201d (kod caffe bar-a Posejdon). Na Adi Bojani je planiran obilazak uz turisti\u010dkog vodi\u010da i koktel. 17:00h Restoran \u201cPrimavera\u201d Sve\u010dano zatvaranje\u00a0 \u201cUlcinjskog Mundijala prijateljstva\u201d uz sve\u010danu ve\u010deru i zabavu. Novembar 2022Program Mundijala Mundijal prijateljstva 1 (2022) Proteklog vikenda, Ulcinj je postao sportski centar regiona, okupljaju\u0107i asove jugoslovenskog fudbala iz 70-ih i 80-ih godina na promociji knjige \u201eIvan Gudelj \u2013 Hajdu\u010dka pri\u010da\u201c i dokumentarnog filma \u201eIvanova igra\u201c. Pavle Pep\u0111onovi\u0107, poznati humanista i privrednik, bio je glavni organizator ovog spektakla, koji je privukao preko 100 fudbalskih legendi iz biv\u0161e Jugoslavije. Predsjednik Vlade Crne Gore, Dritan Abazovi\u0107, naglasio je va\u017enost ovog okupljanja kao trajnog prijateljstva i zajedni\u0161tva. Ivan Gudelj izrazio je odu\u0161evljenje prijemom u Ulcinju, isti\u010du\u0107i da je ovo jedno od najljep\u0161ih iskustava u njegovom \u017eivotu. Manifestacija je imala i humanitarni karakter, prikupljaju\u0107i sredstva za biv\u0161eg fudbalera Zorana Vorotovi\u0107a. Ovaj doga\u0111aj je dodatno promovirao Ulcinj kao destinaciju bogatu sportskom i kulturnom tradicijom. .\" \/>\n<meta property=\"og:url\" content=\"https:\/\/mundijalprijateljstva-ulcinj.me\/sq\/about-us\/\" \/>\n<meta property=\"og:site_name\" content=\"Mundijalprijateljstva-ulcinj\" \/>\n<meta property=\"article:modified_time\" content=\"2024-12-16T16:52:46+00:00\" \/>\n<meta property=\"og:image\" content=\"https:\/\/mundijalprijateljstva-ulcinj.me\/wp-content\/uploads\/2024\/12\/Untitled-design-41.jpg\" \/>\n<meta name=\"twitter:card\" content=\"summary_large_image\" \/>\n<meta name=\"twitter:label1\" content=\"Est. reading time\" \/>\n\t<meta name=\"twitter:data1\" content=\"4 minuta\" \/>\n<script type=\"application\/ld+json\" class=\"yoast-schema-graph\">{\"@context\":\"https:\/\/schema.org\",\"@graph\":[{\"@type\":\"WebPage\",\"@id\":\"https:\/\/mundijalprijateljstva-ulcinj.me\/about-us\/\",\"url\":\"https:\/\/mundijalprijateljstva-ulcinj.me\/about-us\/\",\"name\":\"O NAMA - Mundijalprijateljstva-ulcinj\",\"isPartOf\":{\"@id\":\"https:\/\/mundijalprijateljstva-ulcinj.me\/#website\"},\"primaryImageOfPage\":{\"@id\":\"https:\/\/mundijalprijateljstva-ulcinj.me\/about-us\/#primaryimage\"},\"image\":{\"@id\":\"https:\/\/mundijalprijateljstva-ulcinj.me\/about-us\/#primaryimage\"},\"thumbnailUrl\":\"https:\/\/mundijalprijateljstva-ulcinj.me\/wp-content\/uploads\/2024\/12\/Untitled-design-41.jpg\",\"datePublished\":\"2023-05-05T13:08:03+00:00\",\"dateModified\":\"2024-12-16T16:52:46+00:00\",\"breadcrumb\":{\"@id\":\"https:\/\/mundijalprijateljstva-ulcinj.me\/about-us\/#breadcrumb\"},\"inLanguage\":\"sq\",\"potentialAction\":[{\"@type\":\"ReadAction\",\"target\":[\"https:\/\/mundijalprijateljstva-ulcinj.me\/about-us\/\"]}]},{\"@type\":\"ImageObject\",\"inLanguage\":\"sq\",\"@id\":\"https:\/\/mundijalprijateljstva-ulcinj.me\/about-us\/#primaryimage\",\"url\":\"https:\/\/mundijalprijateljstva-ulcinj.me\/wp-content\/uploads\/2024\/12\/Untitled-design-41.jpg\",\"contentUrl\":\"https:\/\/mundijalprijateljstva-ulcinj.me\/wp-content\/uploads\/2024\/12\/Untitled-design-41.jpg\"},{\"@type\":\"BreadcrumbList\",\"@id\":\"https:\/\/mundijalprijateljstva-ulcinj.me\/about-us\/#breadcrumb\",\"itemListElement\":[{\"@type\":\"ListItem\",\"position\":1,\"name\":\"Home\",\"item\":\"https:\/\/mundijalprijateljstva-ulcinj.me\/\"},{\"@type\":\"ListItem\",\"position\":2,\"name\":\"O NAMA\"}]},{\"@type\":\"WebSite\",\"@id\":\"https:\/\/mundijalprijateljstva-ulcinj.me\/#website\",\"url\":\"https:\/\/mundijalprijateljstva-ulcinj.me\/\",\"name\":\"Mundijalprijateljstva-ulcinj\",\"description\":\"mundijalprijateljstva-ulcinj\",\"publisher\":{\"@id\":\"https:\/\/mundijalprijateljstva-ulcinj.me\/#organization\"},\"potentialAction\":[{\"@type\":\"SearchAction\",\"target\":{\"@type\":\"EntryPoint\",\"urlTemplate\":\"https:\/\/mundijalprijateljstva-ulcinj.me\/?s={search_term_string}\"},\"query-input\":{\"@type\":\"PropertyValueSpecification\",\"valueRequired\":true,\"valueName\":\"search_term_string\"}}],\"inLanguage\":\"sq\"},{\"@type\":\"Organization\",\"@id\":\"https:\/\/mundijalprijateljstva-ulcinj.me\/#organization\",\"name\":\"Mundijalprijateljstva-ulcinj\",\"url\":\"https:\/\/mundijalprijateljstva-ulcinj.me\/\",\"logo\":{\"@type\":\"ImageObject\",\"inLanguage\":\"sq\",\"@id\":\"https:\/\/mundijalprijateljstva-ulcinj.me\/#\/schema\/logo\/image\/\",\"url\":\"https:\/\/mundijalprijateljstva-ulcinj.me\/wp-content\/uploads\/2024\/12\/150x150.png\",\"contentUrl\":\"https:\/\/mundijalprijateljstva-ulcinj.me\/wp-content\/uploads\/2024\/12\/150x150.png\",\"width\":150,\"height\":150,\"caption\":\"Mundijalprijateljstva-ulcinj\"},\"image\":{\"@id\":\"https:\/\/mundijalprijateljstva-ulcinj.me\/#\/schema\/logo\/image\/\"}}]}<\/script>\n<!-- \/ Yoast SEO plugin. -->","yoast_head_json":{"title":"O NAMA - Mundijalprijateljstva-ulcinj","robots":{"index":"index","follow":"follow","max-snippet":"max-snippet:-1","max-image-preview":"max-image-preview:large","max-video-preview":"max-video-preview:-1"},"canonical":"https:\/\/mundijalprijateljstva-ulcinj.me\/sq\/about-us\/","og_locale":"sq_AL","og_type":"article","og_title":"O NAMA - Mundijalprijateljstva-ulcinj","og_description":"o NAMA &#8220;Samo nam je ljubav potrebna&#8221; &#8220;Ulcinjski Mundijal prijateljstva&#8221; je sportsko-\u017eivotna misija koja promovi\u0161e prijateljstvo i ljubav kroz sport. Na\u0161 cilj je okupljanje gra\u0111ana i sportskih ambasadora iz Ulcinja i \u0161ire, kako bismo zajedno slali poruke mira i zajedni\u0161tva. Od samog po\u010detka, sve porodice i pojedinci iz Ulcinja pru\u017eili su neizmjernu podr\u0161ku u organizaciji ovog zna\u010dajnog doga\u0111aja. Prvi Mundijal odr\u017ean je 11. novembra 2022. godine, pod sloganom &#8220;Ivanova ulcinjska igra&#8221;, a povod je bila crnogorska premijera dokumentarnog filma i promocija knjige o legendarnom hajdukovcu Ivanu Gudelju. \u017divotna pri\u010da o prijateljstvu i sportu Na\u0161a tradicija okupljanja svjetskih sportskih ambasadora nastavlja se, jer verujemo da sport mo\u017ee spojiti ljude i graditi mostove prijateljstva. Mi smo tim entuzijasta posve\u0107enih stvaranju nezaboravnih trenutaka i ja\u010danju zajednice kroz sportsku saradnju i prijateljstvo. Pridru\u017eite nam se u ovoj misiji i budite dIo ne\u010dega posebnog! Promocija prijateljstva i ljubavi: Stvaranje platforme koja okuplja ljude iz razli\u010ditih sredina, promovi\u0161u\u0107i vrednosti prijateljstva i me\u0111usobnog po\u0161tovanja kroz sport. Podr\u0161ka sportskim ambasadorima: Okupljanje svetskih sportskih li\u010dnosti koje \u0161alju sna\u017ene poruke o miru, toleranciji i zajedni\u0161tvu, inspiri\u0161u\u0107i mlade sportiste i gra\u0111ane. Podr\u0161ka sportskim ambasadorima: Okupljanje svetskih sportskih li\u010dnosti koje \u0161alju sna\u017ene poruke o miru, toleranciji i zajedni\u0161tvu, inspiri\u0161u\u0107i mlade sportiste i gra\u0111ane. Ja\u010danje zajednice: Uklju\u010divanje lokalnih porodica i pojedinaca u organizaciju doga\u0111aja, \u010dime se ja\u010da dru\u0161tvena kohezija i zajedni\u0161tvo unutar op\u0161tine Ulcinj. Statistika Mundijala Mundijala Prijateljstva 0 U\u010desnika sportskih legendi 0 k Posjetilaca Mundijala 0 k Novinara i TV Stanica 0 Video Timeline 2025 Novembar 2024Sve\u010dano otvaranje Mundijal prijateljstva 1 (2022)) Na po\u010detku ove ve\u0107 prepoznatljive manifestacije prikazan je dokumentarni film \u201cHrabro i na rezultat\u201d (nedjelja, Dom kulture Ulcinj \u2013 18.15 sati). Drugog dana Mundijala prijateljstva \u2013 izme\u0111u ostalog, na programu je bila crnogorska premijera film zagreba\u010dkog re\u017eisera Dejana A\u0107imovi\u0107a o trofejnom vaterpolo treneru i selektoru Ratku Rudi\u0107u (ponedjeljak, Dom kulture \u2013 18 sati). Tim povodom\u00a0 se u Ulcinju okupio veliki dio vaterpolo reprezentativaca biv\u0161e SFRJ, koja je osvojila zlato na\u00a0Olimpijskim igrama 1984. u Los An\u0111elesu\u2026 Tre\u0107eg, zavr\u0161nog dana pod posebnom lupom bit \u0107e dokumentarni film \u201cOlimpijada u Sarajevu\u201d, te \u201cBalkansko drvo mira\u201d. Naime, legendarni sportisti iz biv\u0161e SFRJ \u0107e u Ulcinju zasadili su \u201cBalkansko drvo mira\u201d. Novembar 2023Sve\u010dano otvaranje Mundijal prijateljstva 2 (2023) 26.11.2023. Nedjelja Po\u010detak kulturnog zabavnog programa uz kafu iz najve\u0107e d\u017eezve na svijetu koja u Ulcinj sti\u017ee iz Sarajeva zahvaljuju\u0107i najstarijem sarajevskom kazand\u017eiji Nasiru Jabu\u010daru i firmi \u201cVispak\u201d. Otvaranje Ulcinjskog Mundijala prijateljstva, promocija, predstavljanje i obra\u0107anje gostiju. 17:00h (Dom kulture) Promocija dokumentarnog filma \u201c\u0106iro Bla\u017eevi\u0107\u201d. 20:00h (Restoran \u201cPrimavera)\u00a0Sve\u010dana ve\u010dera, dru\u017eenje i zabava za goste Mundijala. 27.11.2023. Ponedeljak 11:00h (Stari grad \/ okupljanje u hotelu Palata Venezia) Obilazak ulcinjskog Starog grada i muzeja uz koktel i tradicionalnu ulcinjsku trpezu. 18:00h (Dom kulture) Premijera sportskog dokumentarnog filma: \u201cUlcinjski Mundijal prijateljstva \u2013 Vi\u0161e od igre, vi\u0161e od \u017eivota\u201d Organizovan polazak za Adu Bojanu, mjesto okupljanja i polazak sa \u201cPlo\u010de\u201d (kod caffe bar-a Posejdon). Na Adi Bojani je planiran obilazak uz turisti\u010dkog vodi\u010da i koktel. 17:00h Restoran \u201cPrimavera\u201d Sve\u010dano zatvaranje\u00a0 \u201cUlcinjskog Mundijala prijateljstva\u201d uz sve\u010danu ve\u010deru i zabavu. Novembar 2022Program Mundijala Mundijal prijateljstva 1 (2022) Proteklog vikenda, Ulcinj je postao sportski centar regiona, okupljaju\u0107i asove jugoslovenskog fudbala iz 70-ih i 80-ih godina na promociji knjige \u201eIvan Gudelj \u2013 Hajdu\u010dka pri\u010da\u201c i dokumentarnog filma \u201eIvanova igra\u201c. Pavle Pep\u0111onovi\u0107, poznati humanista i privrednik, bio je glavni organizator ovog spektakla, koji je privukao preko 100 fudbalskih legendi iz biv\u0161e Jugoslavije. Predsjednik Vlade Crne Gore, Dritan Abazovi\u0107, naglasio je va\u017enost ovog okupljanja kao trajnog prijateljstva i zajedni\u0161tva. Ivan Gudelj izrazio je odu\u0161evljenje prijemom u Ulcinju, isti\u010du\u0107i da je ovo jedno od najljep\u0161ih iskustava u njegovom \u017eivotu. Manifestacija je imala i humanitarni karakter, prikupljaju\u0107i sredstva za biv\u0161eg fudbalera Zorana Vorotovi\u0107a. Ovaj doga\u0111aj je dodatno promovirao Ulcinj kao destinaciju bogatu sportskom i kulturnom tradicijom. .","og_url":"https:\/\/mundijalprijateljstva-ulcinj.me\/sq\/about-us\/","og_site_name":"Mundijalprijateljstva-ulcinj","article_modified_time":"2024-12-16T16:52:46+00:00","og_image":[{"url":"https:\/\/mundijalprijateljstva-ulcinj.me\/wp-content\/uploads\/2024\/12\/Untitled-design-41.jpg","type":"","width":"","height":""}],"twitter_card":"summary_large_image","twitter_misc":{"Est. reading time":"4 minuta"},"schema":{"@context":"https:\/\/schema.org","@graph":[{"@type":"WebPage","@id":"https:\/\/mundijalprijateljstva-ulcinj.me\/about-us\/","url":"https:\/\/mundijalprijateljstva-ulcinj.me\/about-us\/","name":"O NAMA - Mundijalprijateljstva-ulcinj","isPartOf":{"@id":"https:\/\/mundijalprijateljstva-ulcinj.me\/#website"},"primaryImageOfPage":{"@id":"https:\/\/mundijalprijateljstva-ulcinj.me\/about-us\/#primaryimage"},"image":{"@id":"https:\/\/mundijalprijateljstva-ulcinj.me\/about-us\/#primaryimage"},"thumbnailUrl":"https:\/\/mundijalprijateljstva-ulcinj.me\/wp-content\/uploads\/2024\/12\/Untitled-design-41.jpg","datePublished":"2023-05-05T13:08:03+00:00","dateModified":"2024-12-16T16:52:46+00:00","breadcrumb":{"@id":"https:\/\/mundijalprijateljstva-ulcinj.me\/about-us\/#breadcrumb"},"inLanguage":"sq","potentialAction":[{"@type":"ReadAction","target":["https:\/\/mundijalprijateljstva-ulcinj.me\/about-us\/"]}]},{"@type":"ImageObject","inLanguage":"sq","@id":"https:\/\/mundijalprijateljstva-ulcinj.me\/about-us\/#primaryimage","url":"https:\/\/mundijalprijateljstva-ulcinj.me\/wp-content\/uploads\/2024\/12\/Untitled-design-41.jpg","contentUrl":"https:\/\/mundijalprijateljstva-ulcinj.me\/wp-content\/uploads\/2024\/12\/Untitled-design-41.jpg"},{"@type":"BreadcrumbList","@id":"https:\/\/mundijalprijateljstva-ulcinj.me\/about-us\/#breadcrumb","itemListElement":[{"@type":"ListItem","position":1,"name":"Home","item":"https:\/\/mundijalprijateljstva-ulcinj.me\/"},{"@type":"ListItem","position":2,"name":"O NAMA"}]},{"@type":"WebSite","@id":"https:\/\/mundijalprijateljstva-ulcinj.me\/#website","url":"https:\/\/mundijalprijateljstva-ulcinj.me\/","name":"Mundijalprijateljstva-ulcinj","description":"mundijalprijateljstva-ulcinj","publisher":{"@id":"https:\/\/mundijalprijateljstva-ulcinj.me\/#organization"},"potentialAction":[{"@type":"SearchAction","target":{"@type":"EntryPoint","urlTemplate":"https:\/\/mundijalprijateljstva-ulcinj.me\/?s={search_term_string}"},"query-input":{"@type":"PropertyValueSpecification","valueRequired":true,"valueName":"search_term_string"}}],"inLanguage":"sq"},{"@type":"Organization","@id":"https:\/\/mundijalprijateljstva-ulcinj.me\/#organization","name":"Mundijalprijateljstva-ulcinj","url":"https:\/\/mundijalprijateljstva-ulcinj.me\/","logo":{"@type":"ImageObject","inLanguage":"sq","@id":"https:\/\/mundijalprijateljstva-ulcinj.me\/#\/schema\/logo\/image\/","url":"https:\/\/mundijalprijateljstva-ulcinj.me\/wp-content\/uploads\/2024\/12\/150x150.png","contentUrl":"https:\/\/mundijalprijateljstva-ulcinj.me\/wp-content\/uploads\/2024\/12\/150x150.png","width":150,"height":150,"caption":"Mundijalprijateljstva-ulcinj"},"image":{"@id":"https:\/\/mundijalprijateljstva-ulcinj.me\/#\/schema\/logo\/image\/"}}]}},"_links":{"self":[{"href":"https:\/\/mundijalprijateljstva-ulcinj.me\/sq\/wp-json\/wp\/v2\/pages\/667","targetHints":{"allow":["GET"]}}],"collection":[{"href":"https:\/\/mundijalprijateljstva-ulcinj.me\/sq\/wp-json\/wp\/v2\/pages"}],"about":[{"href":"https:\/\/mundijalprijateljstva-ulcinj.me\/sq\/wp-json\/wp\/v2\/types\/page"}],"author":[{"embeddable":true,"href":"https:\/\/mundijalprijateljstva-ulcinj.me\/sq\/wp-json\/wp\/v2\/users\/1"}],"replies":[{"embeddable":true,"href":"https:\/\/mundijalprijateljstva-ulcinj.me\/sq\/wp-json\/wp\/v2\/comments?post=667"}],"version-history":[{"count":0,"href":"https:\/\/mundijalprijateljstva-ulcinj.me\/sq\/wp-json\/wp\/v2\/pages\/667\/revisions"}],"wp:attachment":[{"href":"https:\/\/mundijalprijateljstva-ulcinj.me\/sq\/wp-json\/wp\/v2\/media?parent=667"}],"curies":[{"name":"wp","href":"https:\/\/api.w.org\/{rel}","templated":true}]}}